{"id":35,"date":"2023-11-04T14:50:53","date_gmt":"2023-11-04T14:50:53","guid":{"rendered":"https:\/\/ichap.cl\/?page_id=35"},"modified":"2024-03-28T16:38:49","modified_gmt":"2024-03-28T16:38:49","slug":"eventos-y-noticias","status":"publish","type":"page","link":"https:\/\/ichap.cl\/index.php\/eventos-y-noticias\/","title":{"rendered":"Eventos y Noticias"},"content":{"rendered":"\t\t<div data-elementor-type=\"wp-page\" data-elementor-id=\"35\" class=\"elementor elementor-35\">\n\t\t\t\t\t\t\t<div class=\"elementor-element elementor-element-09d70c8 e-flex e-con-boxed e-con e-parent\" data-id=\"09d70c8\" data-element_type=\"container\" data-settings=\"{&quot;content_width&quot;:&quot;boxed&quot;}\" data-core-v316-plus=\"true\">\n\t\t\t\t\t<div class=\"e-con-inner\">\n\t\t\t\t<div class=\"elementor-element elementor-element-ab16519 elementor-widget elementor-widget-heading\" data-id=\"ab16519\" data-element_type=\"widget\" data-widget_type=\"heading.default\">\n\t\t\t\t<div class=\"elementor-widget-container\">\n\t\t\t<style>\/*! elementor - v3.17.0 - 08-11-2023 *\/\n.elementor-heading-title{padding:0;margin:0;line-height:1}.elementor-widget-heading .elementor-heading-title[class*=elementor-size-]>a{color:inherit;font-size:inherit;line-height:inherit}.elementor-widget-heading .elementor-heading-title.elementor-size-small{font-size:15px}.elementor-widget-heading .elementor-heading-title.elementor-size-medium{font-size:19px}.elementor-widget-heading .elementor-heading-title.elementor-size-large{font-size:29px}.elementor-widget-heading .elementor-heading-title.elementor-size-xl{font-size:39px}.elementor-widget-heading .elementor-heading-title.elementor-size-xxl{font-size:59px}<\/style><h1 class=\"elementor-heading-title elementor-size-default\">El Instituto Chileno de Arquitectos del Paisaje (ICHAP) Celebra 35 A\u00f1os de Destacados Aportes a la profesi\u00f3n<\/h1>\t\t<\/div>\n\t\t\t\t<\/div>\n\t\t\t\t<div class=\"elementor-element elementor-element-e12b788 elementor-widget elementor-widget-text-editor\" data-id=\"e12b788\" data-element_type=\"widget\" data-widget_type=\"text-editor.default\">\n\t\t\t\t<div class=\"elementor-widget-container\">\n\t\t\t<style>\/*! elementor - v3.17.0 - 08-11-2023 *\/\n.elementor-widget-text-editor.elementor-drop-cap-view-stacked .elementor-drop-cap{background-color:#69727d;color:#fff}.elementor-widget-text-editor.elementor-drop-cap-view-framed .elementor-drop-cap{color:#69727d;border:3px solid;background-color:transparent}.elementor-widget-text-editor:not(.elementor-drop-cap-view-default) .elementor-drop-cap{margin-top:8px}.elementor-widget-text-editor:not(.elementor-drop-cap-view-default) .elementor-drop-cap-letter{width:1em;height:1em}.elementor-widget-text-editor .elementor-drop-cap{float:left;text-align:center;line-height:1;font-size:50px}.elementor-widget-text-editor .elementor-drop-cap-letter{display:inline-block}<\/style>\t\t\t\t\t\t\t\t\t\t<\/div>\n\t\t\t\t<\/div>\n\t\t\t\t<div class=\"elementor-element elementor-element-ae9411c elementor-widget elementor-widget-text-editor\" data-id=\"ae9411c\" data-element_type=\"widget\" data-widget_type=\"text-editor.default\">\n\t\t\t\t<div class=\"elementor-widget-container\">\n\t\t\t\t\t\t\t<p>Ene 11, 2024<\/p>\t\t\t\t\t\t<\/div>\n\t\t\t\t<\/div>\n\t\t\t\t<div class=\"elementor-element elementor-element-c9e50b0 elementor-widget elementor-widget-image\" data-id=\"c9e50b0\" data-element_type=\"widget\" data-widget_type=\"image.default\">\n\t\t\t\t<div class=\"elementor-widget-container\">\n\t\t\t<style>\/*! elementor - v3.17.0 - 08-11-2023 *\/\n.elementor-widget-image{text-align:center}.elementor-widget-image a{display:inline-block}.elementor-widget-image a img[src$=\".svg\"]{width:48px}.elementor-widget-image img{vertical-align:middle;display:inline-block}<\/style>\t\t\t\t\t\t\t\t\t\t\t\t<img fetchpriority=\"high\" decoding=\"async\" width=\"1024\" height=\"683\" src=\"https:\/\/ichap.cl\/wp-content\/uploads\/2024\/03\/1-1024x683.jpg\" class=\"attachment-large size-large wp-image-1324\" alt=\"\" srcset=\"https:\/\/ichap.cl\/wp-content\/uploads\/2024\/03\/1-1024x683.jpg 1024w, https:\/\/ichap.cl\/wp-content\/uploads\/2024\/03\/1-300x200.jpg 300w, https:\/\/ichap.cl\/wp-content\/uploads\/2024\/03\/1-768x512.jpg 768w, https:\/\/ichap.cl\/wp-content\/uploads\/2024\/03\/1-1536x1024.jpg 1536w, https:\/\/ichap.cl\/wp-content\/uploads\/2024\/03\/1-2048x1365.jpg 2048w\" sizes=\"(max-width: 1024px) 100vw, 1024px\" \/>\t\t\t\t\t\t\t\t\t\t\t\t\t\t\t<\/div>\n\t\t\t\t<\/div>\n\t\t\t\t<div class=\"elementor-element elementor-element-b2e583a elementor-widget elementor-widget-text-editor\" data-id=\"b2e583a\" data-element_type=\"widget\" data-widget_type=\"text-editor.default\">\n\t\t\t\t<div class=\"elementor-widget-container\">\n\t\t\t\t\t\t\t<p style=\"text-align: left;\"><span style=\"color: #000000;\">El 11 de enero, el Instituto Chileno de Arquitectos del Paisaje (ICHAP) conmemor\u00f3 un hito significativo: 35 a\u00f1os de incansable compromiso con la promoci\u00f3n y preservaci\u00f3n del paisaje en Chile. En este emotivo evento, el ICHAP rindi\u00f3 homenaje a quienes fueron pilares fundamentales en su creaci\u00f3n, reconociendo el invaluable aporte de los socios y socias fundadores que sembraron las semillas de esta importante instituci\u00f3n.<\/span><\/p><p style=\"text-align: left;\"><span style=\"color: #000000;\">Adem\u00e1s, en una muestra de continuo crecimiento y fortalecimiento de su comunidad, ICHAP dio la bienvenida a nuevos socios y socias en una asamblea abierta, donde se promovi\u00f3 el intercambio de ideas y la colaboraci\u00f3n entre profesionales comprometidos con la causa del dise\u00f1o y la planificaci\u00f3n sostenible.<\/span><\/p><p style=\"text-align: left;\"><span style=\"color: #000000;\">Destacando la riqueza de conocimientos y experiencias en el \u00e1mbito del paisajismo, Alejandra Bosh, directora del mag\u00edster de Paisaje de la Pontificia Universidad Cat\u00f3lica de Chile, ofreci\u00f3 una presentaci\u00f3n enriquecedora que inspir\u00f3 a los asistentes y enfatiz\u00f3 la importancia de la formaci\u00f3n acad\u00e9mica en este campo.<\/span><\/p><p style=\"text-align: left;\"><span style=\"color: #000000;\">Este aniversario no solo representa una oportunidad para reflexionar sobre los logros alcanzados, sino tambi\u00e9n para renovar el compromiso del ICHAP con su misi\u00f3n de promover la comprensi\u00f3n y aprecio por el paisaje natural y construido en Chile, as\u00ed como para seguir trabajando incansablemente en la construcci\u00f3n de un futuro m\u00e1s verde, equitativo y armonioso para todos.<\/span><\/p><p><span style=\"color: #000000;\">\u00a1Felicitaciones a los miembros del Instituto Chileno de Arquitectos del Paisaje por sus 35 a\u00f1os de trayectoria y por continuar siendo un faro de inspiraci\u00f3n y cambio positivo en el \u00e1mbito de la arquitectura del paisaje en Chile!<\/span><\/p>\t\t\t\t\t\t<\/div>\n\t\t\t\t<\/div>\n\t\t\t\t\t<\/div>\n\t\t\t\t<\/div>\n\t\t<div class=\"elementor-element elementor-element-d57084c e-flex e-con-boxed e-con e-parent\" data-id=\"d57084c\" data-element_type=\"container\" data-settings=\"{&quot;content_width&quot;:&quot;boxed&quot;}\" data-core-v316-plus=\"true\">\n\t\t\t\t\t<div class=\"e-con-inner\">\n\t\t\t\t<div class=\"elementor-element elementor-element-765f3b3 elementor-widget elementor-widget-heading\" data-id=\"765f3b3\" data-element_type=\"widget\" data-widget_type=\"heading.default\">\n\t\t\t\t<div class=\"elementor-widget-container\">\n\t\t\t<h1 class=\"elementor-heading-title elementor-size-default\">Pr\u00f3xima asamblea anual de Ichap jueves 11 de enero 2024. celebramos los 35 a\u00f1os de Ichap<\/h1>\t\t<\/div>\n\t\t\t\t<\/div>\n\t\t\t\t<div class=\"elementor-element elementor-element-d373f0e elementor-widget elementor-widget-text-editor\" data-id=\"d373f0e\" data-element_type=\"widget\" data-widget_type=\"text-editor.default\">\n\t\t\t\t<div class=\"elementor-widget-container\">\n\t\t\t\t\t\t\t\t\t\t\t\t\t<\/div>\n\t\t\t\t<\/div>\n\t\t\t\t<div class=\"elementor-element elementor-element-e16bae8 elementor-widget elementor-widget-text-editor\" data-id=\"e16bae8\" data-element_type=\"widget\" data-widget_type=\"text-editor.default\">\n\t\t\t\t<div class=\"elementor-widget-container\">\n\t\t\t\t\t\t\t<p>Nov 30, 2023<\/p>\t\t\t\t\t\t<\/div>\n\t\t\t\t<\/div>\n\t\t\t\t<div class=\"elementor-element elementor-element-487e4cf elementor-widget elementor-widget-image\" data-id=\"487e4cf\" data-element_type=\"widget\" data-widget_type=\"image.default\">\n\t\t\t\t<div class=\"elementor-widget-container\">\n\t\t\t\t\t\t\t\t\t\t\t\t\t\t\t<img decoding=\"async\" width=\"500\" height=\"333\" src=\"https:\/\/ichap.cl\/wp-content\/uploads\/2023\/11\/eqweqwe.png\" class=\"attachment-large size-large wp-image-1057\" alt=\"\" srcset=\"https:\/\/ichap.cl\/wp-content\/uploads\/2023\/11\/eqweqwe.png 500w, https:\/\/ichap.cl\/wp-content\/uploads\/2023\/11\/eqweqwe-300x200.png 300w\" sizes=\"(max-width: 500px) 100vw, 500px\" \/>\t\t\t\t\t\t\t\t\t\t\t\t\t\t\t<\/div>\n\t\t\t\t<\/div>\n\t\t\t\t<div class=\"elementor-element elementor-element-ae1d7a0 elementor-widget elementor-widget-text-editor\" data-id=\"ae1d7a0\" data-element_type=\"widget\" data-widget_type=\"text-editor.default\">\n\t\t\t\t<div class=\"elementor-widget-container\">\n\t\t\t\t\t\t\t\t\t\t\t\t\t<\/div>\n\t\t\t\t<\/div>\n\t\t\t\t\t<\/div>\n\t\t\t\t<\/div>\n\t\t<div class=\"elementor-element elementor-element-9ee12b9 e-flex e-con-boxed e-con e-parent\" data-id=\"9ee12b9\" data-element_type=\"container\" data-settings=\"{&quot;content_width&quot;:&quot;boxed&quot;}\" data-core-v316-plus=\"true\">\n\t\t\t\t\t<div class=\"e-con-inner\">\n\t\t\t\t<div class=\"elementor-element elementor-element-1b4e7c6 elementor-widget elementor-widget-heading\" data-id=\"1b4e7c6\" data-element_type=\"widget\" data-widget_type=\"heading.default\">\n\t\t\t\t<div class=\"elementor-widget-container\">\n\t\t\t<h1 class=\"elementor-heading-title elementor-size-default\">Ichap participa en seminario \u201cresultados y oportunidades de los techos verdes\u201d<\/h1>\t\t<\/div>\n\t\t\t\t<\/div>\n\t\t\t\t<div class=\"elementor-element elementor-element-704677e elementor-widget elementor-widget-text-editor\" data-id=\"704677e\" data-element_type=\"widget\" data-widget_type=\"text-editor.default\">\n\t\t\t\t<div class=\"elementor-widget-container\">\n\t\t\t\t\t\t\t\t\t\t\t\t\t<\/div>\n\t\t\t\t<\/div>\n\t\t\t\t<div class=\"elementor-element elementor-element-4cf4244 elementor-widget elementor-widget-text-editor\" data-id=\"4cf4244\" data-element_type=\"widget\" data-widget_type=\"text-editor.default\">\n\t\t\t\t<div class=\"elementor-widget-container\">\n\t\t\t\t\t\t\t<p>Nov 30, 2023<\/p>\t\t\t\t\t\t<\/div>\n\t\t\t\t<\/div>\n\t\t\t\t<div class=\"elementor-element elementor-element-03778a7 elementor-widget elementor-widget-image\" data-id=\"03778a7\" data-element_type=\"widget\" data-widget_type=\"image.default\">\n\t\t\t\t<div class=\"elementor-widget-container\">\n\t\t\t\t\t\t\t\t\t\t\t\t\t\t\t<img decoding=\"async\" width=\"500\" height=\"333\" src=\"https:\/\/ichap.cl\/wp-content\/uploads\/2023\/11\/Sin-titulo-112123123.png\" class=\"attachment-large size-large wp-image-1062\" alt=\"\" srcset=\"https:\/\/ichap.cl\/wp-content\/uploads\/2023\/11\/Sin-titulo-112123123.png 500w, https:\/\/ichap.cl\/wp-content\/uploads\/2023\/11\/Sin-titulo-112123123-300x200.png 300w\" sizes=\"(max-width: 500px) 100vw, 500px\" \/>\t\t\t\t\t\t\t\t\t\t\t\t\t\t\t<\/div>\n\t\t\t\t<\/div>\n\t\t\t\t<div class=\"elementor-element elementor-element-db9dd92 elementor-widget elementor-widget-text-editor\" data-id=\"db9dd92\" data-element_type=\"widget\" data-widget_type=\"text-editor.default\">\n\t\t\t\t<div class=\"elementor-widget-container\">\n\t\t\t\t\t\t\t\t\t\t\t\t\t<\/div>\n\t\t\t\t<\/div>\n\t\t\t\t<div class=\"elementor-element elementor-element-edc2166 elementor-widget elementor-widget-text-editor\" data-id=\"edc2166\" data-element_type=\"widget\" data-widget_type=\"text-editor.default\">\n\t\t\t\t<div class=\"elementor-widget-container\">\n\t\t\t\t\t\t\t<p>A cargo de Gabriela Saldias, docente de la Universidad Central, como parte del equipo de investigaci\u00f3n de Modelo de Techos verdes con Flora Nativa de Chile Central\u00a0 financiado por ANID, el 5 de octubre 2023 se realiza el Seminario Resultados y Oporunidades de los Techos Verdes, como parte de la presentaci\u00f3n a la comunidad de la investigaci\u00f3n, que propone hacer una puesta en valor de las oportunidades de la flora nativa para el desarrollo de techos verdes en la regi\u00f3n metropolitana.<\/p><p>La participaci\u00f3n de diferentes casas de estudio, profesionales y empresas de gran trayectoria en el desarrollo de los techos verdes lo presentan como una potencial soluci\u00f3n a las emergencias ambientales que presenta el planeta en virtud del cambio clim\u00e1tico y las consecuentes elevadas temperaturas que se auspician, proponen con un an\u00e1lisis de resultados interesante, que algunas especies de flora nativa pueden adaptarse a las condiciones de techos verdes y sobrevivir.<\/p><p>Como parte de los socios de la investigaci\u00f3n ICHAP colabor\u00f3 participando y apoyando la investigaci\u00f3n, considerada como una instancia visionaria en los desaf\u00edos que los y las arquitecto\/as paisajistas tendremos en los pr\u00f3ximos a\u00f1os.<\/p>\t\t\t\t\t\t<\/div>\n\t\t\t\t<\/div>\n\t\t\t\t\t<\/div>\n\t\t\t\t<\/div>\n\t\t<div class=\"elementor-element elementor-element-fa64bcf e-flex e-con-boxed e-con e-parent\" data-id=\"fa64bcf\" data-element_type=\"container\" data-settings=\"{&quot;content_width&quot;:&quot;boxed&quot;}\" data-core-v316-plus=\"true\">\n\t\t\t\t\t<div class=\"e-con-inner\">\n\t\t\t\t<div class=\"elementor-element elementor-element-ebb0909 elementor-widget elementor-widget-heading\" data-id=\"ebb0909\" data-element_type=\"widget\" data-widget_type=\"heading.default\">\n\t\t\t\t<div class=\"elementor-widget-container\">\n\t\t\t<h1 class=\"elementor-heading-title elementor-size-default\">Cambio de directiva Ichap 2023 - 25<\/h1>\t\t<\/div>\n\t\t\t\t<\/div>\n\t\t\t\t<div class=\"elementor-element elementor-element-23d6466 elementor-widget elementor-widget-text-editor\" data-id=\"23d6466\" data-element_type=\"widget\" data-widget_type=\"text-editor.default\">\n\t\t\t\t<div class=\"elementor-widget-container\">\n\t\t\t\t\t\t\t\t\t\t\t\t\t<\/div>\n\t\t\t\t<\/div>\n\t\t\t\t<div class=\"elementor-element elementor-element-4ee8110 elementor-widget elementor-widget-text-editor\" data-id=\"4ee8110\" data-element_type=\"widget\" data-widget_type=\"text-editor.default\">\n\t\t\t\t<div class=\"elementor-widget-container\">\n\t\t\t\t\t\t\t<p>Nov 30, 2023<\/p>\t\t\t\t\t\t<\/div>\n\t\t\t\t<\/div>\n\t\t\t\t<div class=\"elementor-element elementor-element-b2bc9bb elementor-widget elementor-widget-image\" data-id=\"b2bc9bb\" data-element_type=\"widget\" data-widget_type=\"image.default\">\n\t\t\t\t<div class=\"elementor-widget-container\">\n\t\t\t\t\t\t\t\t\t\t\t\t\t\t\t<img loading=\"lazy\" decoding=\"async\" width=\"500\" height=\"333\" src=\"https:\/\/ichap.cl\/wp-content\/uploads\/2023\/11\/12312312-1.png\" class=\"attachment-large size-large wp-image-1107\" alt=\"\" srcset=\"https:\/\/ichap.cl\/wp-content\/uploads\/2023\/11\/12312312-1.png 500w, https:\/\/ichap.cl\/wp-content\/uploads\/2023\/11\/12312312-1-300x200.png 300w\" sizes=\"(max-width: 500px) 100vw, 500px\" \/>\t\t\t\t\t\t\t\t\t\t\t\t\t\t\t<\/div>\n\t\t\t\t<\/div>\n\t\t\t\t<div class=\"elementor-element elementor-element-4c98d36 elementor-widget elementor-widget-text-editor\" data-id=\"4c98d36\" data-element_type=\"widget\" data-widget_type=\"text-editor.default\">\n\t\t\t\t<div class=\"elementor-widget-container\">\n\t\t\t\t\t\t\t\t\t\t\t\t\t<\/div>\n\t\t\t\t<\/div>\n\t\t\t\t<div class=\"elementor-element elementor-element-140007d elementor-widget elementor-widget-text-editor\" data-id=\"140007d\" data-element_type=\"widget\" data-widget_type=\"text-editor.default\">\n\t\t\t\t<div class=\"elementor-widget-container\">\n\t\t\t\t\t\t\t<p>En los recintos de campus Lo Contador de la Pontificia Universidad Cat\u00f3lica de Chile, el 22 de abril de 2023 se realiza la Asamblea del Instituto Chileno de Arquitectos Paisajistas, presidida por el Director saliente Juan Patricio C\u00e1ceres, en la actividad se present\u00f3 la Investigaci\u00f3n patrocinada por ICHAP \u201cRESULTADOS Y OPORTUNIDADES DE LOS TECHOS VERDES\u201d a cargo de Gabriela Saldias y expositores internacionales que en modalidad a distancia presentaron experiencias interesantes en el desarrollo de proyectos de techos verdes en Per\u00fa y Estados Unidos.<\/p><p>Como parte de la asamblea se reconocieron a los y las alumnas destacados en su titulaci\u00f3n en la escuela de arquitectura del paisaje de la Universidad Central como pregrado y postgrados de diversas casas de estudios.<\/p><p>En la oportunidad, tambi\u00e9n se present\u00f3 la nueva directiva de ICHAP, elegida democr\u00e1ticamente, que lo conforman<\/p><p><strong>PRESIDENTA:<\/strong> Pilar Lozano<\/p><p><strong>VICE PRESIDENTA:<\/strong> Teresa Santana<\/p><p><strong>TESORERA:<\/strong> Gabriela Mu\u00f1oz<\/p><p>\u00a0<strong>SECRETARIA:<\/strong> Mar\u00eda Teresa de la Barra<\/p><p><strong>DIRECTORA DE COMUNICACIONES:<\/strong> Magdalena Barros<\/p><p><strong>DELEGADA ICHAP ANTE IFLA:<\/strong> Claudia O\u00f1ate\u00a0<\/p>\t\t\t\t\t\t<\/div>\n\t\t\t\t<\/div>\n\t\t\t\t\t<\/div>\n\t\t\t\t<\/div>\n\t\t<div class=\"elementor-element elementor-element-e8694d0 e-flex e-con-boxed e-con e-parent\" data-id=\"e8694d0\" data-element_type=\"container\" data-settings=\"{&quot;content_width&quot;:&quot;boxed&quot;}\" data-core-v316-plus=\"true\">\n\t\t\t\t\t<div class=\"e-con-inner\">\n\t\t\t\t<div class=\"elementor-element elementor-element-697f173 elementor-widget elementor-widget-heading\" data-id=\"697f173\" data-element_type=\"widget\" data-widget_type=\"heading.default\">\n\t\t\t\t<div class=\"elementor-widget-container\">\n\t\t\t<h1 class=\"elementor-heading-title elementor-size-default\">Celebraci\u00f3n de los 75 a\u00f1os de IFLA.\n<\/h1>\t\t<\/div>\n\t\t\t\t<\/div>\n\t\t\t\t<div class=\"elementor-element elementor-element-27ed154 elementor-widget elementor-widget-text-editor\" data-id=\"27ed154\" data-element_type=\"widget\" data-widget_type=\"text-editor.default\">\n\t\t\t\t<div class=\"elementor-widget-container\">\n\t\t\t\t\t\t\t\t\t\t\t\t\t<\/div>\n\t\t\t\t<\/div>\n\t\t\t\t<div class=\"elementor-element elementor-element-7ffe206 elementor-widget elementor-widget-text-editor\" data-id=\"7ffe206\" data-element_type=\"widget\" data-widget_type=\"text-editor.default\">\n\t\t\t\t<div class=\"elementor-widget-container\">\n\t\t\t\t\t\t\t<p>Nov 30, 2023<\/p>\t\t\t\t\t\t<\/div>\n\t\t\t\t<\/div>\n\t\t\t\t<div class=\"elementor-element elementor-element-b73319d elementor-widget elementor-widget-image\" data-id=\"b73319d\" data-element_type=\"widget\" data-widget_type=\"image.default\">\n\t\t\t\t<div class=\"elementor-widget-container\">\n\t\t\t\t\t\t\t\t\t\t\t\t\t\t\t<img loading=\"lazy\" decoding=\"async\" width=\"500\" height=\"333\" src=\"https:\/\/ichap.cl\/wp-content\/uploads\/2023\/11\/13123123123.png\" class=\"attachment-large size-large wp-image-1111\" alt=\"\" srcset=\"https:\/\/ichap.cl\/wp-content\/uploads\/2023\/11\/13123123123.png 500w, https:\/\/ichap.cl\/wp-content\/uploads\/2023\/11\/13123123123-300x200.png 300w\" sizes=\"(max-width: 500px) 100vw, 500px\" \/>\t\t\t\t\t\t\t\t\t\t\t\t\t\t\t<\/div>\n\t\t\t\t<\/div>\n\t\t\t\t<div class=\"elementor-element elementor-element-8cd4468 elementor-widget elementor-widget-text-editor\" data-id=\"8cd4468\" data-element_type=\"widget\" data-widget_type=\"text-editor.default\">\n\t\t\t\t<div class=\"elementor-widget-container\">\n\t\t\t\t\t\t\t\t\t\t\t\t\t<\/div>\n\t\t\t\t<\/div>\n\t\t\t\t<div class=\"elementor-element elementor-element-00b1707 elementor-widget elementor-widget-text-editor\" data-id=\"00b1707\" data-element_type=\"widget\" data-widget_type=\"text-editor.default\">\n\t\t\t\t<div class=\"elementor-widget-container\">\n\t\t\t\t\t\t\t<p>A 75 a\u00f1os de la creaci\u00f3n de IFLA, se presentan los primeros a\u00f1os, la incorporaci\u00f3n de las mujeres en la formaci\u00f3n de la organizaci\u00f3n y los desaf\u00edos para los pr\u00f3ximos 25 a\u00f1os.<\/p><p>A trav\u00e9s de la creaci\u00f3n del LIBRO VERDE de IFLA se puede conocer m\u00e1s sobre su trayectoria, muestra en numerosas im\u00e1genes los paisajes de hoy en todo el mundo y aventura una mirada hacia el futuro. En seis cap\u00edtulos, cubre diferentes temas.<\/p>\t\t\t\t\t\t<\/div>\n\t\t\t\t<\/div>\n\t\t\t\t\t<\/div>\n\t\t\t\t<\/div>\n\t\t<div class=\"elementor-element elementor-element-311c86b e-flex e-con-boxed e-con e-parent\" data-id=\"311c86b\" data-element_type=\"container\" data-settings=\"{&quot;content_width&quot;:&quot;boxed&quot;}\" data-core-v316-plus=\"true\">\n\t\t\t\t\t<div class=\"e-con-inner\">\n\t\t\t\t<div class=\"elementor-element elementor-element-944d7ba elementor-widget elementor-widget-heading\" data-id=\"944d7ba\" data-element_type=\"widget\" data-widget_type=\"heading.default\">\n\t\t\t\t<div class=\"elementor-widget-container\">\n\t\t\t<h1 class=\"elementor-heading-title elementor-size-default\">Christo, Who Transformed Landscapes Around the Globe With Monumental Public Artworks That Delighted Millions, Has Died at 84<\/h1>\t\t<\/div>\n\t\t\t\t<\/div>\n\t\t\t\t<div class=\"elementor-element elementor-element-88f6365 elementor-widget elementor-widget-text-editor\" data-id=\"88f6365\" data-element_type=\"widget\" data-widget_type=\"text-editor.default\">\n\t\t\t\t<div class=\"elementor-widget-container\">\n\t\t\t\t\t\t\t<p>The artist, who died at home in New York on May 31, will be remembered for his tireless pursuit of public art that seemed impossible.<\/p>\t\t\t\t\t\t<\/div>\n\t\t\t\t<\/div>\n\t\t\t\t<div class=\"elementor-element elementor-element-c3fd97b elementor-widget elementor-widget-text-editor\" data-id=\"c3fd97b\" data-element_type=\"widget\" data-widget_type=\"text-editor.default\">\n\t\t\t\t<div class=\"elementor-widget-container\">\n\t\t\t\t\t\t\t<p><a href=\"https:\/\/news.artnet.com\/about\/julia-halperin-605\">Julia Halperin<\/a>,\u00a0<time title=\"May 31, 2020 6:37 PM\" datetime=\"2020-05-31T22:37:14-04:00\">May 31, 2020<\/time><\/p>\t\t\t\t\t\t<\/div>\n\t\t\t\t<\/div>\n\t\t\t\t<div class=\"elementor-element elementor-element-f8786f6 elementor-widget elementor-widget-image\" data-id=\"f8786f6\" data-element_type=\"widget\" data-widget_type=\"image.default\">\n\t\t\t\t<div class=\"elementor-widget-container\">\n\t\t\t\t\t\t\t\t\t\t\t\t\t\t\t<img loading=\"lazy\" decoding=\"async\" width=\"500\" height=\"333\" src=\"https:\/\/ichap.cl\/wp-content\/uploads\/2023\/11\/111111111.png\" class=\"attachment-large size-large wp-image-152\" alt=\"\" srcset=\"https:\/\/ichap.cl\/wp-content\/uploads\/2023\/11\/111111111.png 500w, https:\/\/ichap.cl\/wp-content\/uploads\/2023\/11\/111111111-300x200.png 300w\" sizes=\"(max-width: 500px) 100vw, 500px\" \/>\t\t\t\t\t\t\t\t\t\t\t\t\t\t\t<\/div>\n\t\t\t\t<\/div>\n\t\t\t\t<div class=\"elementor-element elementor-element-4e371ee elementor-widget elementor-widget-text-editor\" data-id=\"4e371ee\" data-element_type=\"widget\" data-widget_type=\"text-editor.default\">\n\t\t\t\t<div class=\"elementor-widget-container\">\n\t\t\t\t\t\t\t<p>Christo. Photo: Wolfgang Volz (2016). Courtesy of Centre Pompidou.<\/p>\t\t\t\t\t\t<\/div>\n\t\t\t\t<\/div>\n\t\t\t\t<div class=\"elementor-element elementor-element-4b9ef7f elementor-widget elementor-widget-text-editor\" data-id=\"4b9ef7f\" data-element_type=\"widget\" data-widget_type=\"text-editor.default\">\n\t\t\t\t<div class=\"elementor-widget-container\">\n\t\t\t\t\t\t\t<p>Christo, the Bulgarian artist who captivated audiences around the world for more than five decades with massive public art installations, has died. A representative from the artist\u2019s studio said he was at his home in New York City when he died of natural causes earlier today.<\/p><p>\u201cChristo lived his life to the fullest, not only dreaming up what seemed impossible but realizing it,\u201d read a statement from the studio. Together with his late wife and collaborator, Jeanne-Claude, Christo created artwork that \u201cbrought people together in shared experiences across the globe, and their work lives on in our hearts and memories.\u201d<\/p>\t\t\t\t\t\t<\/div>\n\t\t\t\t<\/div>\n\t\t\t\t<div class=\"elementor-element elementor-element-0d17a61 elementor-align-center elementor-widget elementor-widget-button\" data-id=\"0d17a61\" data-element_type=\"widget\" data-widget_type=\"button.default\">\n\t\t\t\t<div class=\"elementor-widget-container\">\n\t\t\t\t\t<div class=\"elementor-button-wrapper\">\n\t\t\t<a class=\"elementor-button elementor-button-link elementor-size-sm\" href=\"https:\/\/news.artnet.com\/art-world\/christo-has-died-at-84-1875285\" target=\"_blank\">\n\t\t\t\t\t\t<span class=\"elementor-button-content-wrapper\">\n\t\t\t\t\t\t<span class=\"elementor-button-text\">Click aqu\u00ed<\/span>\n\t\t<\/span>\n\t\t\t\t\t<\/a>\n\t\t<\/div>\n\t\t\t\t<\/div>\n\t\t\t\t<\/div>\n\t\t\t\t\t<\/div>\n\t\t\t\t<\/div>\n\t\t<div class=\"elementor-element elementor-element-ab8b146 e-flex e-con-boxed e-con e-parent\" data-id=\"ab8b146\" data-element_type=\"container\" data-settings=\"{&quot;content_width&quot;:&quot;boxed&quot;}\" data-core-v316-plus=\"true\">\n\t\t\t\t\t<div class=\"e-con-inner\">\n\t\t\t\t<div class=\"elementor-element elementor-element-ff4b0cd elementor-widget elementor-widget-heading\" data-id=\"ff4b0cd\" data-element_type=\"widget\" data-widget_type=\"heading.default\">\n\t\t\t\t<div class=\"elementor-widget-container\">\n\t\t\t<h1 class=\"elementor-heading-title elementor-size-default\">Ante la situaci\u00f3n pa\u00eds que vivimos, nos parece importante manifestar desde nuestro rol como arquitectos, dise\u00f1adores y formadores aquellos puntos de vista que puedan contribuir a la reflexi\u00f3n, en palabras de Osvaldo Moreno, Jefe de Magister en Arquitectura del Paisaje UC:<\/h1>\t\t<\/div>\n\t\t\t\t<\/div>\n\t\t\t\t<div class=\"elementor-element elementor-element-b8ce2da elementor-widget elementor-widget-text-editor\" data-id=\"b8ce2da\" data-element_type=\"widget\" data-widget_type=\"text-editor.default\">\n\t\t\t\t<div class=\"elementor-widget-container\">\n\t\t\t\t\t\t\t<p>\u00a0<\/p><p>\u00abEl paisaje de nuestras ciudades nos devela el conflicto social de nuestro pa\u00eds, que se expresa en la desigual distribuci\u00f3n de \u00e1reas verdes y espacios p\u00fablicos. Desde nuestro rol como arquitectos del paisaje, hoy m\u00e1s que nunca nuestro deber es contribuir en este \u00e1mbito. Y trabajar en mejorar la accesibilidad a nuestros paisajes y recursos naturales, y concentrar esfuerzos en su adecuada conservaci\u00f3n y recuperaci\u00f3n, es tambi\u00e9n para nosotros un compromiso ineludible.\u00bb<\/p>\t\t\t\t\t\t<\/div>\n\t\t\t\t<\/div>\n\t\t\t\t<div class=\"elementor-element elementor-element-7d5d287 elementor-widget elementor-widget-text-editor\" data-id=\"7d5d287\" data-element_type=\"widget\" data-widget_type=\"text-editor.default\">\n\t\t\t\t<div class=\"elementor-widget-container\">\n\t\t\t\t\t\t\t<p><span class=\"x4k7w5x x1h91t0o x1h9r5lt x1jfb8zj xv2umb2 x1beo9mf xaigb6o x12ejxvf x3igimt xarpa2k xedcshv x1lytzrv x1t2pt76 x7ja8zs x1qrby5j\"><a class=\"x1i10hfl xjbqb8w x6umtig x1b1mbwd xaqea5y xav7gou x9f619 x1ypdohk xt0psk2 xe8uvvx xdj266r x11i5rnm xat24cr x1mh8g0r xexx8yu x4uap5 x18d9i69 xkhd6sd x16tdsg8 x1hl2dhg xggy1nq x1a2a7pz x1heor9g xt0b8zv xo1l8bm\" tabindex=\"0\" role=\"link\" href=\"https:\/\/www.facebook.com\/magisterarquitecturadelpaisajeuc\/posts\/pfbid02daDamVpjUQfDg9hXxLiinaGXwuqP3duv2Zm8MCRzZX5dXQmPWFsh3zq8edDigD3gl?__cft__[0]=AZVtULyFXTZGwUFPl4SXs9yHwM_rVaAz3wa0JTKtzlURFebvl2DA8uuGSxPZTxlwEIkvjFaNJGbN9WlMcyzrZ8Ez5hxviTjzIdDetaZGYv4A81LNP0zEnWtcbRdUyUWVECdwPkn7w7D7O-IZYoUYw7e8c8_5YgjezQBECR6uyD-DxWODVWdIQrW5I6Y7fR4voF-yCOnyLCpPAviJlaq92yYP9W-3ruQi391VSZ-NKQGCqJSNSovCdOcJqgztIf-l9ns&amp;__tn__=%2CO*F\" aria-label=\"24 de octubre de 2019\">24 de octubre de 2019<\/a><\/span><span class=\"xh99ass\"><span class=\"xzpqnlu xjm9jq1 x6ikm8r x10wlt62 x10l6tqk x1i1rx1s\">\u00a0<\/span><span aria-hidden=\"true\">\u00a0<\/span><\/span><\/p>\t\t\t\t\t\t<\/div>\n\t\t\t\t<\/div>\n\t\t\t\t<div class=\"elementor-element elementor-element-9bbe98b elementor-widget elementor-widget-image\" data-id=\"9bbe98b\" data-element_type=\"widget\" data-widget_type=\"image.default\">\n\t\t\t\t<div class=\"elementor-widget-container\">\n\t\t\t\t\t\t\t\t\t\t\t\t\t\t\t<img loading=\"lazy\" decoding=\"async\" width=\"700\" height=\"499\" src=\"https:\/\/ichap.cl\/wp-content\/uploads\/2023\/11\/75233818_914658862263603_2726852715933073408_n.png\" class=\"attachment-large size-large wp-image-178\" alt=\"\" srcset=\"https:\/\/ichap.cl\/wp-content\/uploads\/2023\/11\/75233818_914658862263603_2726852715933073408_n.png 700w, https:\/\/ichap.cl\/wp-content\/uploads\/2023\/11\/75233818_914658862263603_2726852715933073408_n-300x214.png 300w\" sizes=\"(max-width: 700px) 100vw, 700px\" \/>\t\t\t\t\t\t\t\t\t\t\t\t\t\t\t<\/div>\n\t\t\t\t<\/div>\n\t\t\t\t\t<\/div>\n\t\t\t\t<\/div>\n\t\t<div class=\"elementor-element elementor-element-51eba19 e-flex e-con-boxed e-con e-parent\" data-id=\"51eba19\" data-element_type=\"container\" data-settings=\"{&quot;content_width&quot;:&quot;boxed&quot;}\" data-core-v316-plus=\"true\">\n\t\t\t\t\t<div class=\"e-con-inner\">\n\t\t\t\t<div class=\"elementor-element elementor-element-90fa367 elementor-widget elementor-widget-heading\" data-id=\"90fa367\" data-element_type=\"widget\" data-widget_type=\"heading.default\">\n\t\t\t\t<div class=\"elementor-widget-container\">\n\t\t\t<h1 class=\"elementor-heading-title elementor-size-default\">Infraestructura verde urbana. Estrategias de planificaci\u00f3n y dise\u00f1o del paisaje para la resiliencia y adaptabilidad socioecol\u00f3gica de ciudades regionales en Chile. El caso de Llanquihue<\/h1>\t\t<\/div>\n\t\t\t\t<\/div>\n\t\t\t\t<div class=\"elementor-element elementor-element-286829d elementor-widget elementor-widget-text-editor\" data-id=\"286829d\" data-element_type=\"widget\" data-widget_type=\"text-editor.default\">\n\t\t\t\t<div class=\"elementor-widget-container\">\n\t\t\t\t\t\t\t<p>In book: From the South. Global perspectives on landscape and territory (pp.82-91)Edition: 1rst Edition. 2019Publisher: UDD<\/p>\t\t\t\t\t\t<\/div>\n\t\t\t\t<\/div>\n\t\t\t\t<div class=\"elementor-element elementor-element-af2fb42 elementor-widget elementor-widget-text-editor\" data-id=\"af2fb42\" data-element_type=\"widget\" data-widget_type=\"text-editor.default\">\n\t\t\t\t<div class=\"elementor-widget-container\">\n\t\t\t\t\t\t\t<p>January 2019<\/p>\t\t\t\t\t\t<\/div>\n\t\t\t\t<\/div>\n\t\t\t\t<div class=\"elementor-element elementor-element-e56edcc elementor-widget elementor-widget-image\" data-id=\"e56edcc\" data-element_type=\"widget\" data-widget_type=\"image.default\">\n\t\t\t\t<div class=\"elementor-widget-container\">\n\t\t\t\t\t\t\t\t\t\t\t\t\t\t\t<img loading=\"lazy\" decoding=\"async\" width=\"768\" height=\"424\" src=\"https:\/\/ichap.cl\/wp-content\/uploads\/2023\/11\/84530577_1093601334369354_1166222636070469632_n-768x424.jpg\" class=\"attachment-medium_large size-medium_large wp-image-213\" alt=\"\" srcset=\"https:\/\/ichap.cl\/wp-content\/uploads\/2023\/11\/84530577_1093601334369354_1166222636070469632_n-768x424.jpg 768w, https:\/\/ichap.cl\/wp-content\/uploads\/2023\/11\/84530577_1093601334369354_1166222636070469632_n-300x166.jpg 300w, https:\/\/ichap.cl\/wp-content\/uploads\/2023\/11\/84530577_1093601334369354_1166222636070469632_n-1024x566.jpg 1024w, https:\/\/ichap.cl\/wp-content\/uploads\/2023\/11\/84530577_1093601334369354_1166222636070469632_n.jpg 1280w\" sizes=\"(max-width: 768px) 100vw, 768px\" \/>\t\t\t\t\t\t\t\t\t\t\t\t\t\t\t<\/div>\n\t\t\t\t<\/div>\n\t\t\t\t<div class=\"elementor-element elementor-element-736ad41 elementor-widget elementor-widget-text-editor\" data-id=\"736ad41\" data-element_type=\"widget\" data-widget_type=\"text-editor.default\">\n\t\t\t\t<div class=\"elementor-widget-container\">\n\t\t\t\t\t\t\t<p>Hoy estamos felices porque el proyecto de infraestructura verde que Osvaldo Moreno, director de Magister Paisaje Uc, junto a Tom\u00e1s G\u00e1rate, German Guzm\u00e1n, Andr\u00e9s Riveros, Benjamin Garc\u00eda y Macarena V\u00e1squez desarrollaron en Llanquihue en 2018, fue destacado en el seminario de hoy como ejemplo de \u201csoluciones basadas en naturaleza\u201d en Chile por la ministra del<a class=\"x1i10hfl xjbqb8w x6umtig x1b1mbwd xaqea5y xav7gou x9f619 x1ypdohk xt0psk2 xe8uvvx xdj266r x11i5rnm xat24cr x1mh8g0r xexx8yu x4uap5 x18d9i69 xkhd6sd x16tdsg8 x1hl2dhg xggy1nq x1a2a7pz xt0b8zv x1qq9wsj xo1l8bm\" tabindex=\"0\" role=\"link\" href=\"https:\/\/www.facebook.com\/MinisterioDelMedioAmbienteChile?__cft__[0]=AZV2dsNfmqZ8ldgc31IrOKLiiaeATrzQzEHukVa4Zg0-HjEp6SFOxN0SoNHlMDBKLs6eyxxRz7OnndovSW6xP3fb030NJhsO6WkmC2jXTkUoLkFZ-9ihCkYCVImYlFbhv6_DSlGENX_4u5Yb3bFq-DfsQ-9ekC3eYPdaHgaAvrA1Q0woXhEqrAQLVQrypwWOwWL--185_fAxMleAQbUxSIB9d6D90sOd7jETQOJCYRF9E2FbFvFbNvgD9fmlkNpkGuQ&amp;__tn__=-]K-y-R\"> Ministerio del Medio Ambient<\/a>e<\/p><div dir=\"auto\">Este proyecto fue posible gracias a un <a class=\"x1i10hfl xjbqb8w x6umtig x1b1mbwd xaqea5y xav7gou x9f619 x1ypdohk xt0psk2 xe8uvvx xdj266r x11i5rnm xat24cr x1mh8g0r xexx8yu x4uap5 x18d9i69 xkhd6sd x16tdsg8 x1hl2dhg xggy1nq x1a2a7pz xt0b8zv x1qq9wsj xo1l8bm\" tabindex=\"0\" role=\"link\" href=\"https:\/\/www.facebook.com\/CorfoChile?__cft__[0]=AZV2dsNfmqZ8ldgc31IrOKLiiaeATrzQzEHukVa4Zg0-HjEp6SFOxN0SoNHlMDBKLs6eyxxRz7OnndovSW6xP3fb030NJhsO6WkmC2jXTkUoLkFZ-9ihCkYCVImYlFbhv6_DSlGENX_4u5Yb3bFq-DfsQ-9ekC3eYPdaHgaAvrA1Q0woXhEqrAQLVQrypwWOwWL--185_fAxMleAQbUxSIB9d6D90sOd7jETQOJCYRF9E2FbFvFbNvgD9fmlkNpkGuQ&amp;__tn__=-]K-y-R\">Corfo<\/a> Innova desarrollado por el MAPA en conjunto con <a class=\"x1i10hfl xjbqb8w x6umtig x1b1mbwd xaqea5y xav7gou x9f619 x1ypdohk xt0psk2 xe8uvvx xdj266r x11i5rnm xat24cr x1mh8g0r xexx8yu x4uap5 x18d9i69 xkhd6sd x16tdsg8 x1hl2dhg xggy1nq x1a2a7pz xt0b8zv x1qq9wsj xo1l8bm\" tabindex=\"0\" role=\"link\" href=\"https:\/\/www.facebook.com\/fundacionlegadochile?__cft__[0]=AZV2dsNfmqZ8ldgc31IrOKLiiaeATrzQzEHukVa4Zg0-HjEp6SFOxN0SoNHlMDBKLs6eyxxRz7OnndovSW6xP3fb030NJhsO6WkmC2jXTkUoLkFZ-9ihCkYCVImYlFbhv6_DSlGENX_4u5Yb3bFq-DfsQ-9ekC3eYPdaHgaAvrA1Q0woXhEqrAQLVQrypwWOwWL--185_fAxMleAQbUxSIB9d6D90sOd7jETQOJCYRF9E2FbFvFbNvgD9fmlkNpkGuQ&amp;__tn__=-]K-y-R\">Fundaci\u00f3n Legado Chile<\/a><\/div><div dir=\"auto\">Aqu\u00ed dejamos el link de un paper que explica el proyecto:<\/div>\t\t\t\t\t\t<\/div>\n\t\t\t\t<\/div>\n\t\t\t\t<div class=\"elementor-element elementor-element-0e253dc elementor-align-center elementor-widget elementor-widget-button\" data-id=\"0e253dc\" data-element_type=\"widget\" data-widget_type=\"button.default\">\n\t\t\t\t<div class=\"elementor-widget-container\">\n\t\t\t\t\t<div class=\"elementor-button-wrapper\">\n\t\t\t<a class=\"elementor-button elementor-button-link elementor-size-sm\" href=\"https:\/\/www.researchgate.net\/publication\/336563265_Infraestructura_verde_urbana_Estrategias_de_planificacion_y_diseno_del_paisaje_para_la_resiliencia_y_adaptabilidad_socioecologica_de_ciudades_regionales_en_Chile_El_caso_de_Llanquihue\" target=\"_blank\">\n\t\t\t\t\t\t<span class=\"elementor-button-content-wrapper\">\n\t\t\t\t\t\t<span class=\"elementor-button-text\">Click aqu\u00ed<\/span>\n\t\t<\/span>\n\t\t\t\t\t<\/a>\n\t\t<\/div>\n\t\t\t\t<\/div>\n\t\t\t\t<\/div>\n\t\t\t\t\t<\/div>\n\t\t\t\t<\/div>\n\t\t<div class=\"elementor-element elementor-element-571df06 e-flex e-con-boxed e-con e-parent\" data-id=\"571df06\" data-element_type=\"container\" data-settings=\"{&quot;content_width&quot;:&quot;boxed&quot;}\" data-core-v316-plus=\"true\">\n\t\t\t\t\t<div class=\"e-con-inner\">\n\t\t\t\t<div class=\"elementor-element elementor-element-64fe472 elementor-widget elementor-widget-heading\" data-id=\"64fe472\" data-element_type=\"widget\" data-widget_type=\"heading.default\">\n\t\t\t\t<div class=\"elementor-widget-container\">\n\t\t\t<h1 class=\"elementor-heading-title elementor-size-default\">Ciclo \"Paisajes interconectados: Interconexiones desde el Patrimonio\"\nConferencia \"Sensibilidades est\u00e9ticas: Notas sobre paisaje y patrimonio\" | Claudia Larra\u00edn<\/h1>\t\t<\/div>\n\t\t\t\t<\/div>\n\t\t\t\t<div class=\"elementor-element elementor-element-4c0ba4f elementor-widget elementor-widget-text-editor\" data-id=\"4c0ba4f\" data-element_type=\"widget\" data-widget_type=\"text-editor.default\">\n\t\t\t\t<div class=\"elementor-widget-container\">\n\t\t\t\t\t\t\t<p>Claudia Larra\u00edn, arquitecta de la Universidad de Chile, Mag\u00edster en Arquitectura del Paisaje UC, M\u00e1ster en Historia y Gesti\u00f3n de Patrimonio Cultural de la Universidad de Los Andes y profesora de la Escuela de Arquitectura UC, dictar\u00e1 la conferencia \u00abSensibilidades est\u00e9ticas: Notas sobre paisaje y patrimonio\u00bb, tercera sesi\u00f3n \u00abInterconexiones desde el Patrimonio\u00bb del ciclo \u00abPaisajes interconectados\u00bb, en el marco del curso m\u00ednimo del programa de Mag\u00edster en Arquitectura del Paisaje \u00abHistorias de la Arquitectura del Paisaje\u00bb, a cargo de las profesoras Romy Hecht y Javiera Infante.<\/p>\t\t\t\t\t\t<\/div>\n\t\t\t\t<\/div>\n\t\t\t\t<div class=\"elementor-element elementor-element-a0eb231 elementor-widget elementor-widget-text-editor\" data-id=\"a0eb231\" data-element_type=\"widget\" data-widget_type=\"text-editor.default\">\n\t\t\t\t<div class=\"elementor-widget-container\">\n\t\t\t\t\t\t\t<p><span class=\"x4k7w5x x1h91t0o x1h9r5lt x1jfb8zj xv2umb2 x1beo9mf xaigb6o x12ejxvf x3igimt xarpa2k xedcshv x1lytzrv x1t2pt76 x7ja8zs x1qrby5j\"><a class=\"x1i10hfl xjbqb8w x6umtig x1b1mbwd xaqea5y xav7gou x9f619 x1ypdohk xt0psk2 xe8uvvx xdj266r x11i5rnm xat24cr x1mh8g0r xexx8yu x4uap5 x18d9i69 xkhd6sd x16tdsg8 x1hl2dhg xggy1nq x1a2a7pz x1heor9g xt0b8zv xo1l8bm\" tabindex=\"0\" role=\"link\" href=\"https:\/\/www.facebook.com\/magisterarquitecturadelpaisajeuc\/posts\/pfbid02YNFZK7ytXmVu4FYJrTPES8s3rRuf1ZsZQMUo4ptbeGjg2umPHd7V572QHhhFF1fAl?__cft__[0]=AZVTt7su7bNrKKgmqkViWyAINlkH0fpPFetGbOMK8ob821aw6y2qD4WCLFbCw3ZAeVmSFMv_c_Iu2SkRoYPa_QvXhmnDZ269IzNpLtdWEIq9P89v6pNkrw7oHTzx1y864M_1St6OTqt9b9AV5Z392hRDTv5aCo-y2HYkNuTJ30dSAnYET0oBY-VTqHkFgGTqQAVYBf1maCOClrbOc6s8XAp857i7ysyCGtoIBXXAYuEAfvNM5GmYrleCy_qQaJjtKqs&amp;__tn__=%2CO%2CP-y-R\" aria-label=\"6 de octubre de 2019\">6 de octubre de 2019<\/a><\/span><span class=\"xh99ass\"><span class=\"xzpqnlu xjm9jq1 x6ikm8r x10wlt62 x10l6tqk x1i1rx1s\">\u00a0<\/span><\/span><\/p>\t\t\t\t\t\t<\/div>\n\t\t\t\t<\/div>\n\t\t\t\t<div class=\"elementor-element elementor-element-89b0e6c elementor-widget elementor-widget-image\" data-id=\"89b0e6c\" data-element_type=\"widget\" data-widget_type=\"image.default\">\n\t\t\t\t<div class=\"elementor-widget-container\">\n\t\t\t\t\t\t\t\t\t\t\t\t\t\t\t<img loading=\"lazy\" decoding=\"async\" width=\"600\" height=\"927\" src=\"https:\/\/ichap.cl\/wp-content\/uploads\/2023\/11\/71690421_899485863780903_6521585823802982400_n.png\" class=\"attachment-large size-large wp-image-260\" alt=\"\" srcset=\"https:\/\/ichap.cl\/wp-content\/uploads\/2023\/11\/71690421_899485863780903_6521585823802982400_n.png 600w, https:\/\/ichap.cl\/wp-content\/uploads\/2023\/11\/71690421_899485863780903_6521585823802982400_n-194x300.png 194w\" sizes=\"(max-width: 600px) 100vw, 600px\" \/>\t\t\t\t\t\t\t\t\t\t\t\t\t\t\t<\/div>\n\t\t\t\t<\/div>\n\t\t\t\t<div class=\"elementor-element elementor-element-74af08b elementor-widget elementor-widget-text-editor\" data-id=\"74af08b\" data-element_type=\"widget\" data-widget_type=\"text-editor.default\">\n\t\t\t\t<div class=\"elementor-widget-container\">\n\t\t\t\t\t\t\t<p>Arquitecta de la Universidad de Chile (1996), Mag\u00edster en Arquitectura del Paisaje de la Pontificia Universidad Cat\u00f3lica de Chile (2012) y M\u00e1ster en Historia y Gesti\u00f3n de Patrimonio Cultural de la Universidad de Los Andes (2017). Trabaja como arquitecta independiente y, desde el a\u00f1o 2017, como profesora asistente adjunta en la Escuela de Arquitectura de la Pontificia Universidad Cat\u00f3lica de Chile. El 2016 cofund\u00f3 la Corporaci\u00f3n Cultura de Paisaje en Chile, una organizaci\u00f3n sin fines de lucro dedicada de modo exclusivo e integral al desarrollo de proyectos de puesta en valor y conservaci\u00f3n del paisaje en Chile.<\/p><p>Fecha_<br \/>Mi\u00e9rcoles 16 de octubre de 2019, 15.30 hrs.<\/p><p>Lugar_<br \/>Sala 32<br \/>Campus Lo Contador<br \/>El Comendador 1936, Providencia.<\/p><p>\u00a0<\/p>\t\t\t\t\t\t<\/div>\n\t\t\t\t<\/div>\n\t\t\t\t<div class=\"elementor-element elementor-element-db25061 elementor-align-center elementor-widget elementor-widget-button\" data-id=\"db25061\" data-element_type=\"widget\" data-widget_type=\"button.default\">\n\t\t\t\t<div class=\"elementor-widget-container\">\n\t\t\t\t\t<div class=\"elementor-button-wrapper\">\n\t\t\t<a class=\"elementor-button elementor-button-link elementor-size-sm\" href=\"https:\/\/www.facebook.com\/magisterarquitecturadelpaisajeuc\/photos\/a.189165831479580\/899485857114237\/\" target=\"_blank\">\n\t\t\t\t\t\t<span class=\"elementor-button-content-wrapper\">\n\t\t\t\t\t\t<span class=\"elementor-button-text\">Click aqu\u00ed<\/span>\n\t\t<\/span>\n\t\t\t\t\t<\/a>\n\t\t<\/div>\n\t\t\t\t<\/div>\n\t\t\t\t<\/div>\n\t\t\t\t\t<\/div>\n\t\t\t\t<\/div>\n\t\t\t\t\t\t\t<\/div>\n\t\t","protected":false},"excerpt":{"rendered":"<p>El Instituto Chileno de Arquitectos del Paisaje (ICHAP) Celebra 35 A\u00f1os de Destacados Aportes a la profesi\u00f3n Ene 11, 2024 El 11 de enero, el Instituto Chileno de Arquitectos del Paisaje (ICHAP) conmemor\u00f3 un hito significativo: 35 a\u00f1os de incansable compromiso con la promoci\u00f3n y preservaci\u00f3n del paisaje en Chile. En este emotivo evento, el [&hellip;]<\/p>\n","protected":false},"author":2,"featured_media":0,"parent":0,"menu_order":0,"comment_status":"closed","ping_status":"closed","template":"","meta":{"footnotes":""},"class_list":["post-35","page","type-page","status-publish","hentry","entry"],"_links":{"self":[{"href":"https:\/\/ichap.cl\/index.php\/wp-json\/wp\/v2\/pages\/35","targetHints":{"allow":["GET"]}}],"collection":[{"href":"https:\/\/ichap.cl\/index.php\/wp-json\/wp\/v2\/pages"}],"about":[{"href":"https:\/\/ichap.cl\/index.php\/wp-json\/wp\/v2\/types\/page"}],"author":[{"embeddable":true,"href":"https:\/\/ichap.cl\/index.php\/wp-json\/wp\/v2\/users\/2"}],"replies":[{"embeddable":true,"href":"https:\/\/ichap.cl\/index.php\/wp-json\/wp\/v2\/comments?post=35"}],"version-history":[{"count":204,"href":"https:\/\/ichap.cl\/index.php\/wp-json\/wp\/v2\/pages\/35\/revisions"}],"predecessor-version":[{"id":1360,"href":"https:\/\/ichap.cl\/index.php\/wp-json\/wp\/v2\/pages\/35\/revisions\/1360"}],"wp:attachment":[{"href":"https:\/\/ichap.cl\/index.php\/wp-json\/wp\/v2\/media?parent=35"}],"curies":[{"name":"wp","href":"https:\/\/api.w.org\/{rel}","templated":true}]}}